{"id":5,"date":"2012-04-26T11:40:43","date_gmt":"2012-04-26T11:40:43","guid":{"rendered":"http:\/\/bosegeselet.wordpress.com\/?page_id=2"},"modified":"2024-01-05T01:08:11","modified_gmt":"2024-01-04T23:08:11","slug":"about","status":"publish","type":"page","link":"https:\/\/albulevente.ro\/index.php\/about\/","title":{"rendered":"Magamr\u00f3l"},"content":{"rendered":"<p><img decoding=\"async\" loading=\"lazy\" class=\"wp-image-1171 alignright\" src=\"http:\/\/albulevente.ro\/wp-content\/uploads\/2012\/04\/MyFace1-300x300.jpg\" alt=\"\" width=\"182\" height=\"182\" srcset=\"https:\/\/albulevente.ro\/wp-content\/uploads\/2012\/04\/MyFace1-300x300.jpg 300w, https:\/\/albulevente.ro\/wp-content\/uploads\/2012\/04\/MyFace1-150x150.jpg 150w, https:\/\/albulevente.ro\/wp-content\/uploads\/2012\/04\/MyFace1.jpg 543w\" sizes=\"(max-width: 182px) 100vw, 182px\" \/><\/p>\n<ul style=\"list-style-type: square;\">\n<li>Sz\u00e9kelyf\u00f6ld\u00f6n nevelkedtem (Kov\u00e1szna).<\/li>\n<li>Brass\u00f3ban v\u00e9geztem az egyetemet 2001-ben (Automatiz\u00e1l\u00e1s).<\/li>\n<li>Teljes id\u0151vel a rom\u00e1niai magyar egyetemist\u00e1k \u00e9s fiatal feln\u0151ttek k\u00f6z\u00f6tt szolg\u00e1lok, a Tim\u00f3teus T\u00e1rsas\u00e1g \u00e9gisze alatt, ami egy felekezetk\u00f6zi kereszt\u00e9ny ismeretterjeszt\u0151 szervezet.<\/li>\n<li>Szervezet\u00fcnk\u00f6n bel\u00fcl r\u00e9szem volt teol\u00f3giai oktat\u00e1sban.<\/li>\n<li>Az Apol\u00f3gia Kutat\u00f3k\u00f6zpont tanfolyam\u00e1t elv\u00e9geztem.<\/li>\n<li>A budapesti Baptista Teol\u00f3giai Akad\u00e9mia mesteri (MA) k\u00e9pz\u00e9s\u00e9t elv\u00e9geztem (2023).<\/li>\n<\/ul>\n<div class=\"sharelinks\" style=\"\">\n\t<a title=\"Magamr\u00f3l\" rel=\"nofollow\" target=\"_blank\" href=\"http:\/\/www.facebook.com\/sharer.php?u=https:\/\/albulevente.ro\/index.php\/about\/\"><img width=\"56\" height=\"20\" alt=\"facebook\" src=\"https:\/\/albulevente.ro\/wp-content\/plugins\/facebook-google-twitter-share\/images\/facebook.png\"><\/a>\n\t<a title=\"Magamr\u00f3l\" rel=\"nofollow\" target=\"_blank\" href=\"https:\/\/plus.google.com\/share?url=https:\/\/albulevente.ro\/index.php\/about\/\"><img width=\"60\" height=\"20\" alt=\"google plus\" src=\"https:\/\/albulevente.ro\/wp-content\/plugins\/facebook-google-twitter-share\/images\/googleplus.png\"><\/a>\n\t<a title=\"Magamr\u00f3l\" Nagar\" rel=\"nofollow\" target=\"_blank\" href=\"http:\/\/twitter.com\/home?status=Magamr\u00f3l https:\/\/albulevente.ro\/index.php\/about\/\"><img width=\"70\" height=\"20\" alt=\"twitter\" src=\"https:\/\/albulevente.ro\/wp-content\/plugins\/facebook-google-twitter-share\/images\/twitter.png\"><\/a>\n\t<\/div>","protected":false},"excerpt":{"rendered":"<p>Sz\u00e9kelyf\u00f6ld\u00f6n nevelkedtem (Kov\u00e1szna). Brass\u00f3ban v\u00e9geztem az egyetemet 2001-ben (Automatiz\u00e1l\u00e1s). Teljes id\u0151vel a rom\u00e1niai magyar egyetemist\u00e1k \u00e9s fiatal feln\u0151ttek k\u00f6z\u00f6tt szolg\u00e1lok, a Tim\u00f3teus T\u00e1rsas\u00e1g \u00e9gisze alatt, ami egy felekezetk\u00f6zi kereszt\u00e9ny ismeretterjeszt\u0151 szervezet. Szervezet\u00fcnk\u00f6n bel\u00fcl r\u00e9szem volt teol\u00f3giai oktat\u00e1sban. Az Apol\u00f3gia Kutat\u00f3k\u00f6zpont tanfolyam\u00e1t elv\u00e9geztem. A budapesti Baptista Teol\u00f3giai Akad\u00e9mia mesteri (MA) k\u00e9pz\u00e9s\u00e9t elv\u00e9geztem (2023).<\/p>\n","protected":false},"author":1,"featured_media":0,"parent":0,"menu_order":0,"comment_status":"open","ping_status":"open","template":"","meta":[],"_links":{"self":[{"href":"https:\/\/albulevente.ro\/index.php\/wp-json\/wp\/v2\/pages\/5"}],"collection":[{"href":"https:\/\/albulevente.ro\/index.php\/wp-json\/wp\/v2\/pages"}],"about":[{"href":"https:\/\/albulevente.ro\/index.php\/wp-json\/wp\/v2\/types\/page"}],"author":[{"embeddable":true,"href":"https:\/\/albulevente.ro\/index.php\/wp-json\/wp\/v2\/users\/1"}],"replies":[{"embeddable":true,"href":"https:\/\/albulevente.ro\/index.php\/wp-json\/wp\/v2\/comments?post=5"}],"version-history":[{"count":10,"href":"https:\/\/albulevente.ro\/index.php\/wp-json\/wp\/v2\/pages\/5\/revisions"}],"predecessor-version":[{"id":1334,"href":"https:\/\/albulevente.ro\/index.php\/wp-json\/wp\/v2\/pages\/5\/revisions\/1334"}],"wp:attachment":[{"href":"https:\/\/albulevente.ro\/index.php\/wp-json\/wp\/v2\/media?parent=5"}],"curies":[{"name":"wp","href":"https:\/\/api.w.org\/{rel}","templated":true}]}}